{"id":3,"date":"2023-04-24T21:41:29","date_gmt":"2023-04-24T19:41:29","guid":{"rendered":"https:\/\/cncgraf.com\/?page_id=3"},"modified":"2025-01-23T23:52:20","modified_gmt":"2025-01-23T22:52:20","slug":"polityka-prywatnosci","status":"publish","type":"page","link":"https:\/\/cncgraf.com\/pl\/datenschutzerklaerung\/","title":{"rendered":"Polityka prywatno\u015bci"},"content":{"rendered":"<div class=\"wp-block-group has-base-background-color has-background has-global-padding is-layout-constrained wp-block-group-is-layout-constrained\">\n<div style=\"height:60px\" aria-hidden=\"true\" class=\"wp-block-spacer\"><\/div>\n\n\n<h1 class=\"has-text-align-center alignwide wp-block-post-title has-background has-base-background-color has-large-font-size\">Polityka prywatno\u015bci<\/h1><\/div>\n\n\n\n<p><strong>\u00a7 1 Og\u00f3lne informacje<\/strong><\/p>\n\n\n\n<p>Twoje dane osobowe (np. tytu\u0142, imi\u0119 i nazwisko, adres, adres e-mail, numer telefonu, dane bankowe, numer karty kredytowej) b\u0119d\u0105 przetwarzane przez nas wy\u0142\u0105cznie zgodnie z przepisami niemieckiego prawa o ochronie danych oraz prawa o ochronie danych Unii Europejskiej (UE). Opr\u00f3cz cel\u00f3w przetwarzania, odbiorc\u00f3w, podstaw prawnych i okres\u00f3w przechowywania, poni\u017csze postanowienia informuj\u0105 r\u00f3wnie\u017c o prawach u\u017cytkownika i stronie odpowiedzialnej za przetwarzanie danych. Niniejsza polityka prywatno\u015bci dotyczy wy\u0142\u0105cznie naszych witryn internetowych. Je\u015bli u\u017cytkownik zostanie przekierowany do innych witryn za po\u015brednictwem link\u00f3w na naszych stronach, prosimy o zapoznanie si\u0119 z odpowiednimi zasadami przetwarzania danych.<\/p>\n\n\n\n<p><strong>\u00a7 2 Przetwarzanie danych w celu realizacji umowy<\/strong><\/p>\n\n\n\n<p><strong>(1) Cel przetwarzania<\/strong><\/p>\n\n\n\n<p>Dane osobowe przekazywane nam w procesie sk\u0142adania zam\u00f3wienia s\u0105 niezb\u0119dne do zawarcia z nami umowy. U\u017cytkownik nie ma obowi\u0105zku podawania swoich danych osobowych. Nie mo\u017cemy jednak wys\u0142a\u0107 towaru bez podania adresu. W przypadku niekt\u00f3rych metod p\u0142atno\u015bci wymagamy podania niezb\u0119dnych szczeg\u00f3\u0142\u00f3w p\u0142atno\u015bci w celu przekazania ich zleconemu przez nas dostawcy us\u0142ug p\u0142atniczych. Przetwarzanie danych wprowadzonych w procesie zamawiania odbywa si\u0119 zatem w celu realizacji umowy.<\/p>\n\n\n\n<p>Je\u015bli u\u017cytkownik prze\u015ble nam zapytanie poczt\u0105 elektroniczn\u0105, za po\u015brednictwem formularza kontaktowego itp. przed zawarciem umowy, przetwarzamy otrzymane w ten spos\u00f3b dane w celu przeprowadzenia dzia\u0142a\u0144 przed zawarciem umowy i udzielenia odpowiedzi na pytania u\u017cytkownika dotycz\u0105ce na przyk\u0142ad naszych produkt\u00f3w.<\/p>\n\n\n\n<p>Je\u015bli u\u017cytkownik za\u0142o\u017cy konto klienta, jego dane (w szczeg\u00f3lno\u015bci imi\u0119 i nazwisko, adres, metoda p\u0142atno\u015bci, adres e-mail i has\u0142o) b\u0119d\u0105 przetwarzane w celu rejestracji i utworzenia loginu klienta. Dzi\u0119ki przechowywanym danym u\u017cytkownik mo\u017ce szybciej robi\u0107 u nas zakupy i przegl\u0105da\u0107 swoje zam\u00f3wienia w dowolnym momencie. Konto mo\u017cna usun\u0105\u0107, wysy\u0142aj\u0105c do nas wiadomo\u015b\u0107 lub korzystaj\u0105c z funkcji usuwania.<\/p>\n\n\n\n<p><strong>(2) Podstawy prawne<\/strong><\/p>\n\n\n\n<p>Podstaw\u0105 prawn\u0105 tego przetwarzania jest art. 6 ust. 1 lit. b) RODO.<\/p>\n\n\n\n<p><strong>(3) Kategorie odbiorc\u00f3w<\/strong><\/p>\n\n\n\n<p>Dostawca us\u0142ug p\u0142atniczych, dostawca us\u0142ug wysy\u0142kowych, dostawca hostingu, system zarz\u0105dzania towarami, je\u015bli dotyczy, dostawcy, je\u015bli dotyczy (dropshipping).<\/p>\n\n\n\n<p><strong>(4) Okres przechowywania<\/strong><\/p>\n\n\n\n<p>Przechowujemy dane wymagane do przetwarzania umowy do momentu wyga\u015bni\u0119cia ustawowej r\u0119kojmi i, w stosownych przypadkach, umownych okres\u00f3w gwarancyjnych.<\/p>\n\n\n\n<p>Przechowujemy dane wymagane na mocy prawa handlowego i podatkowego przez okresy okre\u015blone przez prawo, zazwyczaj dziesi\u0119\u0107 lat (patrz \u00a7 257 HGB, \u00a7 147 AO).<\/p>\n\n\n\n<p>Dane przetwarzane w celu przeprowadzenia dzia\u0142a\u0144 przed zawarciem umowy zostan\u0105 usuni\u0119te niezw\u0142ocznie po przeprowadzeniu tych dzia\u0142a\u0144 i stwierdzeniu, \u017ce umowa nie zosta\u0142a zawarta.<\/p>\n\n\n\n<p><strong>\u00a7 3 Dalsze informacje<\/strong><\/p>\n\n\n\n<p>Zgoda klienta na przekazanie specjalnych danych dostawcy us\u0142ug kurierskich.<\/p>\n\n\n\n<p><strong>\u00a7 4 Transakcje PayPal<\/strong><\/p>\n\n\n\n<p>Nale\u017cy pami\u0119ta\u0107, \u017ce wszystkie transakcje PayPal podlegaj\u0105 polityce prywatno\u015bci PayPal:<\/p>\n\n\n\n<figure class=\"wp-block-embed\"><div class=\"wp-block-embed__wrapper\">\nhttps:\/\/www.paypal.com\/de\/webapps\/mpp\/ua\/privacy-full\n<\/div><\/figure>\n\n\n\n<p><strong>\u00a7 5 Informacje o plikach cookie<\/strong><\/p>\n\n\n\n<p><strong>(1) Cel przetwarzania<\/strong><\/p>\n\n\n\n<p>Na tej stronie internetowej u\u017cywane s\u0105 niezb\u0119dne technicznie pliki cookie. S\u0105 to ma\u0142e pliki tekstowe, kt\u00f3re nie s\u0105 trwale przechowywane w przegl\u0105darce internetowej lub przez przegl\u0105dark\u0119 internetow\u0105 w systemie komputerowym. Te pliki cookie umo\u017cliwiaj\u0105 na przyk\u0142ad umieszczenie kilku produkt\u00f3w w koszyku.<\/p>\n\n\n\n<p>Inne pliki cookie pozostaj\u0105 na sta\u0142e i rozpoznaj\u0105 przegl\u0105dark\u0119 podczas nast\u0119pnej wizyty. Te pliki cookie umo\u017cliwiaj\u0105 na przyk\u0142ad trwa\u0142e zapisanie hase\u0142 do konta klienta.<\/p>\n\n\n\n<p><strong>(2) Podstawy prawne<\/strong><\/p>\n\n\n\n<p>Podstaw\u0105 prawn\u0105 tego przetwarzania jest art. 6 ust. 1 lit. f) RODO.<\/p>\n\n\n\n<p><strong>(3) Uzasadniony interes<\/strong><\/p>\n\n\n\n<p>Naszym uzasadnionym interesem jest funkcjonalno\u015b\u0107 naszej strony internetowej. Dane u\u017cytkownika gromadzone przez technicznie niezb\u0119dne pliki cookie i opisane tutaj d\u0142ugoterminowe pliki cookie nie s\u0105 wykorzystywane do tworzenia profili u\u017cytkownik\u00f3w. Zabezpiecza to interes u\u017cytkownika w zakresie ochrony danych.<\/p>\n\n\n\n<p><strong>(4) Okres przechowywania<\/strong><\/p>\n\n\n\n<p>Technicznie niezb\u0119dne pliki cookie s\u0105 zazwyczaj usuwane po zamkni\u0119ciu przegl\u0105darki. Trwale przechowywane pliki cookie maj\u0105 r\u00f3\u017cny okres wa\u017cno\u015bci od kilku minut do kilku lat.<\/p>\n\n\n\n<p><strong>(5) PRAWO SPRZECIWU<\/strong><\/p>\n\n\n\n<p><strong>Je\u015bli nie chcesz przechowywania tych plik\u00f3w cookie, wy\u0142\u0105cz prosz\u0119 akceptacj\u0119 tych plik\u00f3w cookie w przegl\u0105darce internetowej. Mo\u017ce to jednak ograniczy\u0107 funkcjonalno\u015b\u0107 naszej strony internetowej. Trwale przechowywane pliki cookie mo\u017cesz r\u00f3wnie\u017c usun\u0105\u0107 w dowolnym momencie za pomoc\u0105 przegl\u0105darki.<\/strong><\/p>\n\n\n\n<p><strong>\u00a7 6 Prawa u\u017cytkownika jako osoby, kt\u00f3rej dane dotycz\u0105<\/strong><\/p>\n\n\n\n<p>Je\u015bli przetwarzane s\u0105 Twoje dane osobowe, jeste\u015b osob\u0105, kt\u00f3rej dane dotycz\u0105 w rozumieniu RODO, i masz nast\u0119puj\u0105ce prawa wobec nas jako administratora:<\/p>\n\n\n\n<p><strong>1. Prawo do informacji<\/strong><\/p>\n\n\n\n<p>U\u017cytkownik mo\u017ce za\u017c\u0105da\u0107 informacji o swoich danych osobowych przetwarzanych przez nas zgodnie z art. 15 RODO.<\/p>\n\n\n\n<p><strong>2. Prawo do sprostowania<\/strong><\/p>\n\n\n\n<p>Je\u015bli informacje dotycz\u0105ce u\u017cytkownika nie s\u0105 (lub przesta\u0142y by\u0107) prawid\u0142owe, u\u017cytkownik mo\u017ce za\u017c\u0105da\u0107 ich poprawienia zgodnie z art. 16 RODO. Je\u015bli dane u\u017cytkownika s\u0105 niekompletne, u\u017cytkownik mo\u017ce za\u017c\u0105da\u0107 ich uzupe\u0142nienia.<\/p>\n\n\n\n<p><strong>3. Prawo do usuni\u0119cia<\/strong><\/p>\n\n\n\n<p>U\u017cytkownik mo\u017ce za\u017c\u0105da\u0107 usuni\u0119cia swoich danych osobowych na warunkach okre\u015blonych w art. 17 RODO.<\/p>\n\n\n\n<p><strong>4. Prawo do ograniczenia przetwarzania<\/strong><\/p>\n\n\n\n<p>W ramach postanowie\u0144 art. 18 RODO u\u017cytkownik ma prawo za\u017c\u0105da\u0107 ograniczenia przetwarzania dotycz\u0105cych go danych.<\/p>\n\n\n\n<p><strong>5. Prawo do przenoszenia danych<\/strong><\/p>\n\n\n\n<p>Zgodnie z art. 20 RODO u\u017cytkownik ma prawo do otrzymania dotycz\u0105cych go danych osobowych, kt\u00f3re nam przekaza\u0142, w ustrukturyzowanym, powszechnie u\u017cywanym formacie nadaj\u0105cym si\u0119 do odczytu maszynowego lub do za\u017c\u0105dania przekazania tych danych innemu administratorowi.<\/p>\n\n\n\n<p><strong>6. Prawo do odwo\u0142ania zgody<\/strong><\/p>\n\n\n\n<p>Zgodnie z art. 7 (3) RODO u\u017cytkownik ma prawo w dowolnym momencie wycofa\u0107 o\u015bwiadczenie o wyra\u017ceniu zgody na mocy przepis\u00f3w o ochronie danych. Nie ma to wp\u0142ywu na zgodno\u015b\u0107 z prawem przetwarzania prowadzonego na podstawie zgody do momentu jej wycofania.<\/p>\n\n\n\n<p><strong>7. Prawo do wniesienia skargi<\/strong><\/p>\n\n\n\n<p>Je\u015bli u\u017cytkownik uwa\u017ca, \u017ce przetwarzanie jego danych osobowych narusza RODO, ma prawo wnie\u015b\u0107 skarg\u0119 do organu nadzorczego (w szczeg\u00f3lno\u015bci w pa\u0144stwie cz\u0142onkowskim swojego zwyk\u0142ego pobytu, miejsca pracy lub miejsca domniemanego naruszenia) zgodnie z art. 77 RODO.<\/p>\n\n\n\n<p><strong>Nale\u017cy r\u00f3wnie\u017c pami\u0119ta\u0107 o prawie do sprzeciwu zgodnie z art. 21 RODO:<\/strong><\/p>\n\n\n\n<p><strong>a) Og\u00f3lne: wymagany uzasadniony sprzeciw<\/strong><\/p>\n\n\n\n<p><strong>Przetwarzane s\u0105 dane osobowe dotycz\u0105ce Ciebie<\/strong><\/p>\n\n\n\n<p><strong>- w celu ochrony naszego nadrz\u0119dnego prawnie uzasadnionego interesu (podstawa prawna zgodnie z art. 6 ust. 1 lit. f) RODO) lub<\/strong><\/p>\n\n\n\n<p><strong>- w interesie publicznym (podstawa prawna zgodnie z art. 6 ust. 1 lit. e) RODO),<\/strong><\/p>\n\n\n\n<p><strong>masz prawo w dowolnym momencie wnie\u015b\u0107 sprzeciw wobec przetwarzania z przyczyn zwi\u0105zanych z Twoj\u0105 szczeg\u00f3ln\u0105 sytuacj\u0105; dotyczy to r\u00f3wnie\u017c profilowania opartego na przepisach RODO.<\/strong><\/p>\n\n\n\n<p><strong>W przypadku sprzeciwu nie b\u0119dziemy wi\u0119cej przetwarza\u0107 danych dotycz\u0105cych Ciebie, chyba \u017ce mo\u017cemy wykaza\u0107, \u017ce istniej\u0105 wa\u017cne podstawy do przetwarzania, kt\u00f3re s\u0105 nadrz\u0119dne wobec Twoich interes\u00f3w, praw i wolno\u015bci, lub je\u015bli przetwarzanie s\u0142u\u017cy do dochodzenia, wykonywania lub obrony roszcze\u0144 prawnych.<\/strong><\/p>\n\n\n\n<p><strong>b) Specjalny przypadek reklamy bezpo\u015bredniej: wystarczy prosty sprzeciw<\/strong><\/p>\n\n\n\n<p><strong>Je\u015bli dane osobowe dotycz\u0105ce Ciebie s\u0105 przetwarzane w celu prowadzenia reklamy bezpo\u015bredniej, masz prawo w dowolnym momencie wnie\u015b\u0107 sprzeciw przeciwko temu przetwarzaniu bez podawania przyczyn; dotyczy to r\u00f3wnie\u017c profilowania, je\u017celi jest zwi\u0105zane z tak\u0105 reklam\u0105 bezpo\u015bredni\u0105.<\/strong><\/p>\n\n\n\n<p><strong>Je\u015bli sprzeciwi\u0107 si\u0119 przetwarzaniu w celu reklamy bezpo\u015bredniej, Twoje dane osobowe nie b\u0119d\u0105 ju\u017c przetwarzane w tych celach.<\/strong><\/p>\n\n\n\n<p><strong>Osoba odpowiedzialna za przetwarzanie danych:<\/strong><br>Michael Boenigk<br>Philipp-Reis-Str. 45<br>53125 Bonn<br>Telefon: 0228 53448613<br>info@boenigk-electronics.com<\/p>","protected":false},"excerpt":{"rendered":"<p>\u00a7 1 Allgemeines Ihre personenbezogenen Daten (z.&nbsp;B. Anrede, Name, Anschrift, E-Mail-Adresse, Telefonnummer, Bankverbindung, Kreditkartennummer) werden von uns nur gem\u00e4\u00df den Bestimmungen des deutschen Datenschutzrechts und des Datenschutzrechts der Europ\u00e4ischen Union (EU) verarbeitet. Die nachfolgenden Vorschriften informieren Sie neben den Verarbeitungszwecken, Empf\u00e4ngern, Rechtsgrundlagen, Speicherfristen auch \u00fcber Ihre Rechte und den Verantwortlichen f\u00fcr Ihre Datenverarbeitung. Diese Datenschutzerkl\u00e4rung [&hellip;]<\/p>\n","protected":false},"author":1,"featured_media":0,"parent":0,"menu_order":0,"comment_status":"closed","ping_status":"closed","template":"","meta":{"footnotes":""},"class_list":["post-3","page","type-page","status-publish","hentry"],"_links":{"self":[{"href":"https:\/\/cncgraf.com\/pl\/wp-json\/wp\/v2\/pages\/3","targetHints":{"allow":["GET"]}}],"collection":[{"href":"https:\/\/cncgraf.com\/pl\/wp-json\/wp\/v2\/pages"}],"about":[{"href":"https:\/\/cncgraf.com\/pl\/wp-json\/wp\/v2\/types\/page"}],"author":[{"embeddable":true,"href":"https:\/\/cncgraf.com\/pl\/wp-json\/wp\/v2\/users\/1"}],"replies":[{"embeddable":true,"href":"https:\/\/cncgraf.com\/pl\/wp-json\/wp\/v2\/comments?post=3"}],"version-history":[{"count":0,"href":"https:\/\/cncgraf.com\/pl\/wp-json\/wp\/v2\/pages\/3\/revisions"}],"wp:attachment":[{"href":"https:\/\/cncgraf.com\/pl\/wp-json\/wp\/v2\/media?parent=3"}],"curies":[{"name":"wp","href":"https:\/\/api.w.org\/{rel}","templated":true}]}}